{"id":16263,"date":"2022-10-18T14:05:50","date_gmt":"2022-10-18T12:05:50","guid":{"rendered":"https:\/\/www.nns.cz\/blog\/?page_id=16263"},"modified":"2023-09-03T22:00:59","modified_gmt":"2023-09-03T20:00:59","slug":"vlastiveda-4-poznavame-nase-dejiny","status":"publish","type":"page","link":"https:\/\/www.nns.cz\/blog\/digitalni-kompetence\/vlastiveda-4-poznavame-nase-dejiny\/","title":{"rendered":"Vlastiv\u011bda 4 Pozn\u00e1v\u00e1me na\u0161e d\u011bjiny: z&nbsp;prav\u011bku do novov\u011bku"},"content":{"rendered":"<h4 style=\"text-align: right;\"><a href=\"https:\/\/www.nns.cz\/blog\/digitalni-kompetence\/\" rel=\"noopener\">zp\u011bt na v\u00fdb\u011br titulu<\/a><\/h4>\n<h3>Vyu\u017eili jste n\u011bkter\u00fd z&nbsp;n\u00e1m\u011bt\u016f ve v\u00fduce, m\u00e1te n\u00e1m\u011bty nebo p\u0159ipom\u00ednky? Kontaktujte n\u00e1s na <a href=\"mailto:digi@nns.cz\">digi@nns.cz<\/a>.<\/h3>\n<p>N\u00e1m\u011bty budou pr\u016fb\u011b\u017en\u011b aktualizov\u00e1ny a&nbsp;vylep\u0161ov\u00e1ny.<\/p>\n<h1><strong> I. LID\u00c9 A&nbsp;D\u011aJINY<\/strong><\/h1>\n<h2>\u00dakol k\u00a0zaj\u00edmavosti o&nbsp;archeologii na str.&nbsp;3<\/h2>\n<p>Ka\u017edoro\u010dn\u011b se t\u0159et\u00ed sobotu v\u00a0\u0159\u00edjnu slav\u00ed Mezin\u00e1rodn\u00ed den archeologie, p\u0159i&nbsp;jeho\u017e p\u0159\u00edle\u017eitosti archeologov\u00e9 p\u0159ipravuj\u00ed spole\u010densk\u00e9 a&nbsp;kulturn\u00ed akce pro \u0161irokou ve\u0159ejnost. Na internetu zjist\u011bte, na kter\u00fdch m\u00edstech se tyto akce konaj\u00ed a&nbsp;jak\u00fd je jejich program. P\u0159ipravte z\u00e1kladn\u00ed informace, kter\u00e9 mohou vyu\u010duj\u00edc\u00ed zve\u0159ejnit na str\u00e1nk\u00e1ch va\u0161\u00ed \u0161koly.<\/p>\n<p>Doporu\u010den\u00e9 zdroje:<\/p>\n<p><a href=\"http:\/\/denarcheologie.cz\/\">http:\/\/denarcheologie.cz\/<\/a><\/p>\n<p><a href=\"https:\/\/cs-cz.facebook.com\/denarcheologie\/\">https:\/\/cs-cz.facebook.com\/denarcheologie\/<\/a><\/p>\n<h2>\u00dakol k\u00a0\u00fakolu \u010d.&nbsp;1 na str.&nbsp;3<\/h2>\n<p>Na internetu zjist\u011bte, kter\u00e1 muzea se nach\u00e1z\u00ed ve va\u0161em kraji. Vyberte to, kter\u00e9 byste cht\u011bli nav\u0161t\u00edvit, a&nbsp;zjist\u011bte jeho otv\u00edrac\u00ed dobu a&nbsp;cenu vstupn\u00e9ho.<\/p>\n<p>Doporu\u010den\u00e9 zdroje:<\/p>\n<p><a href=\"https:\/\/www.museum.cz\">https:\/\/www.museum.cz<\/a><\/p>\n<p><a href=\"https:\/\/turistickyatlas.cz\/vse\/mista-typ\/muzea.html\">https:\/\/turistickyatlas.cz\/vse\/mista-typ\/muzea.html<\/a><\/p>\n<p><a href=\"https:\/\/www.informuji.cz\/muzea\/\">https:\/\/www.informuji.cz\/muzea\/<\/a><\/p>\n<h2>\u00dakol ke str.&nbsp;4<\/h2>\n<p>B\u011bhem v\u00fdlet\u016f po&nbsp;\u010cesku, pop\u0159.&nbsp;b\u011bhem zahrani\u010dn\u00ed dovolen\u00e9, po\u0159i\u010fte fotografie pam\u00e1tek z\u00a0r\u016fzn\u00fdch obdob\u00ed, zejm\u00e9na staveb (hrad\u016f, kostel\u016f), soch, vyn\u00e1lez\u016f.<\/p>\n<p>Na vhodn\u00e9m digit\u00e1ln\u00edm za\u0159\u00edzen\u00ed vytvo\u0159te t\u0159\u00eddn\u00ed fotoalbum, fotografie rozt\u0159i\u010fte do slo\u017eek podle dan\u00e9ho obdob\u00ed (prav\u011bk, st\u0159edov\u011bk atd.) a&nbsp;p\u0159ipravte prezentaci. Ka\u017edou fotografii pam\u00e1tky ozna\u010dte jej\u00edm n\u00e1zvem, pop\u0159.&nbsp;m\u00edstem, kde se nach\u00e1z\u00ed.<\/p>\n<h2>\u00dakol k\u00a0\u010dasov\u00e9 ose na str.&nbsp;5<\/h2>\n<p>Ve vhodn\u00e9m digit\u00e1ln\u00edm prost\u0159ed\u00ed vytvo\u0159te obecnou \u010dasovou osu z\u00e1kladn\u00edch obdob\u00ed lidsk\u00fdch d\u011bjin. Na internetu vyhledejte, kdy p\u0159ibli\u017en\u011b jednotliv\u00e1 obdob\u00ed prob\u00edhala, a&nbsp;informaci vyu\u017eijte p\u0159i&nbsp;tvorb\u011b \u010dasov\u00e9 osy.<\/p>\n<p>Doporu\u010den\u00e9 zdroje:<\/p>\n<p><a href=\"https:\/\/products.aspose.app\/diagram\/cs\/timeline\">https:\/\/products.aspose.app\/diagram\/cs\/timeline<\/a><\/p>\n<p><a href=\"https:\/\/www.dejepis.com\/ucebnice\/periodizace-dejin\/\">https:\/\/www.dejepis.com\/ucebnice\/periodizace-dejin\/<\/a><\/p>\n<p><a href=\"https:\/\/www.dejepis.com\/casova-primka\/\">https:\/\/www.dejepis.com\/casova-primka\/<\/a><\/p>\n<h1><strong>II. PRAV\u011aK NA NA\u0160EM \u00daZEM\u00cd<\/strong><\/h1>\n<h2>\u00dakol k\u00a0podkapitolce <em>Jak lid\u00e9 \u017eili<\/em> na str.&nbsp;8<\/h2>\n<p>Na internetu zjist\u011bte v\u00edce informac\u00ed o&nbsp;zem\u011bd\u011blstv\u00ed v\u00a0mlad\u0161\u00ed dob\u011b kamenn\u00e9 a&nbsp;o&nbsp;tom, jak se tenkr\u00e1t jedlo. Ze z\u00edskan\u00fdch informac\u00ed vytvo\u0159te my\u0161lenkovou mapu, k&nbsp;tomu m\u016f\u017eete vyu\u017e\u00edt i&nbsp;vhodn\u00e9 digit\u00e1ln\u00ed prost\u0159ed\u00ed.<\/p>\n<p>Doporu\u010den\u00e9 zdroje:<\/p>\n<p><a href=\"http:\/\/www.virtualniarcheologie.cz\/jak-se-zilo-prvnim-zemedelcum\/jak-se-tenkrat\/jak-se-tenkrat-jedlo\/\">http:\/\/www.virtualniarcheologie.cz\/jak-se-zilo-prvnim-zemedelcum\/jak-se-tenkrat\/jak-se-tenkrat-jedlo\/<\/a><\/p>\n<p><a href=\"https:\/\/edu.ceskatelevize.cz\/video\/7035-zemedelstvi-v-neolitu\">https:\/\/edu.ceskatelevize.cz\/video\/7035-zemedelstvi-v-neolitu<\/a><\/p>\n<p><a href=\"https:\/\/products.aspose.app\/diagram\/cs\/mindmap\">https:\/\/products.aspose.app\/diagram\/cs\/mindmap<\/a><\/p>\n<p><a href=\"https:\/\/bubbl.us\/\">https:\/\/bubbl.us\/<\/a><\/p>\n<h2>\u00dakol k\u00a0podkapitolce <em>Co ji\u017e lid\u00e9 dovedli<\/em> na str.&nbsp;10<\/h2>\n<p>Na internetu vyhledejte postup v\u00fdroby bronzov\u00fdch p\u0159edm\u011bt\u016f. Ve vhodn\u00e9m digit\u00e1ln\u00ed prost\u0159ed\u00ed (nap\u0159.&nbsp;PowerPoint) sami stru\u010dn\u011b popi\u0161te cel\u00fd postup.<\/p>\n<p>Doporu\u010den\u00e9 zdroje:<\/p>\n<p><a href=\"http:\/\/www.virtualniarcheologie.cz\/hrajte-si\/objevte-postup-vyroby-bronzovych-predmetu\/\">http:\/\/www.virtualniarcheologie.cz\/hrajte-si\/objevte-postup-vyroby-bronzovych-predmetu\/<\/a><\/p>\n<p><a href=\"https:\/\/www.archeologienadosah.cz\/sites\/default\/files\/zpracovani_kovu_-_bronz_0.pdf\">https:\/\/www.archeologienadosah.cz\/sites\/default\/files\/zpracovani_kovu_-_bronz_0.pdf<\/a><\/p>\n<h1><strong>III. PRVN\u00cd ZN\u00c1M\u00c9 N\u00c1RODY NA NA\u0160EM \u00daZEM\u00cd<\/strong><\/h1>\n<h2>\u00dakol k\u00a0podkapitolce <em>Jak \u017eili<\/em> na str.&nbsp;14<\/h2>\n<p>Na webov\u00fdch str\u00e1nk\u00e1ch <a href=\"http:\/\/www.mapy.cz\">www.mapy.cz<\/a> zjist\u011bte, pobl\u00ed\u017e kter\u00e9 \u0159eky a&nbsp;kter\u00e9ho m\u011bsta se nach\u00e1z\u00ed nejv\u011bt\u0161\u00ed keltsk\u00e9 oppidum v\u00a0\u010cR.<\/p>\n<p>Doporu\u010den\u00fd zdroj:<\/p>\n<p><a href=\"https:\/\/mapy.cz\/zakladni?source=base&amp;id=1914975&amp;x=14.4095033&amp;y=49.9620418&amp;z=18\">https:\/\/mapy.cz\/zakladni?source=base&amp;id=1914975&amp;x=14.4095033&amp;y=49.9620418&amp;z=18<\/a><\/p>\n<h1><strong>IV. RAN\u00dd ST\u0158EDOV\u011aK NA NA\u0160EM \u00daZEM\u00cd<\/strong><\/h1>\n<h2>\u00dakol k&nbsp;podkapitolce <em>Vznik kmenov\u00e9ho svazu<\/em> na str.&nbsp;19<\/h2>\n<p>Na z\u00e1klad\u011b informac\u00ed z\u00a0u\u010debnice a&nbsp;dopl\u0148uj\u00edc\u00edch informac\u00ed z\u00a0internetu vytvo\u0159te p\u0159edstaven\u00ed o&nbsp;vzniku S\u00e1mova kmenov\u00e9ho svazu. Pomoc\u00ed vhodn\u00e9ho z\u00e1znamov\u00e9ho za\u0159\u00edzen\u00ed (videokamera, chytr\u00fd mobiln\u00ed telefon, \u2026) po\u0159i\u010fte z\u00a0p\u0159edstaven\u00ed videoz\u00e1znam.<\/p>\n<p>Doporu\u010den\u00e9 zdroje:<\/p>\n<p><a href=\"https:\/\/cs.wikipedia.org\/wiki\/S%C3%A1mova_%C5%99%C3%AD%C5%A1e\">https:\/\/cs.wikipedia.org\/wiki\/S%C3%A1mova_%C5%99%C3%AD%C5%A1e<\/a><\/p>\n<p><a href=\"https:\/\/www.dejepis.com\/samo\/\">https:\/\/www.dejepis.com\/samo\/<\/a><\/p>\n<p><a href=\"https:\/\/www.zsuvaly.cz\/userfiles\/files\/DUM\/Samuv_kmenovy_svaz.ppt\">https:\/\/www.zsuvaly.cz\/userfiles\/files\/DUM\/Samuv_kmenovy_svaz.ppt<\/a><\/p>\n<h2>\u00dakol k\u00a0prvn\u00edmu odstavci na str.&nbsp;25<\/h2>\n<p>Vyhledejte sv\u011btozn\u00e1mou koledu o&nbsp;sv.&nbsp;V\u00e1clavovi. Nau\u010dte se jej\u00ed prvn\u00ed sloku v\u00a0angli\u010dtin\u011b a&nbsp;nahrajte se na vhodn\u00e9 z\u00e1znamov\u00e9 za\u0159\u00edzen\u00ed (diktafon, chytr\u00fd mobiln\u00ed telefon).<\/p>\n<p>Doporu\u010den\u00e9 zdroje:<\/p>\n<p><a href=\"https:\/\/cs.wikipedia.org\/wiki\/Dobr%C3%BD_kr%C3%A1l_V%C3%A1clav\">https:\/\/cs.wikipedia.org\/wiki\/Dobr%C3%BD_kr%C3%A1l_V%C3%A1clav<\/a><\/p>\n<p><a href=\"https:\/\/www.youtube.com\/watch?v=X69M519dycQ\">https:\/\/www.youtube.com\/watch?v=X69M519dycQ<\/a><\/p>\n<p><a href=\"https:\/\/www.youtube.com\/watch?v=SQVUMG6LZGM\">https:\/\/www.youtube.com\/watch?v=SQVUMG6LZGM<\/a><\/p>\n<p><a href=\"https:\/\/www.karaoketexty.cz\/texty-pisni\/vanocni-koledy\/good-king-wenceslas-292969\">https:\/\/www.karaoketexty.cz\/texty-pisni\/vanocni-koledy\/good-king-wenceslas-292969<\/a><\/p>\n<p><a href=\"https:\/\/www.vira.cz\/texty\/knihovna\/kapitoly\/dobry-kral-vaclav-good-king-wenceslas\">https:\/\/www.vira.cz\/texty\/knihovna\/kapitoly\/dobry-kral-vaclav-good-king-wenceslas<\/a><\/p>\n<h1><strong>V. VRCHOLN\u00dd ST\u0158EDOV\u011aK NA NA\u0160EM \u00daZEM\u00cd<\/strong><\/h1>\n<h2>\u00dakol k\u00a0podkapitolce <em>P\u0159emysl Otakar II.<\/em> na str.&nbsp;31<\/h2>\n<p>Na internetu vyhledejte, kter\u00e1 m\u011bsta byla zalo\u017eena P\u0159emyslem Otakarem II. Pot\u00e9 vyhledejte fotografie n\u011bkter\u00fdch t\u011bchto m\u011bst. Pracujte pouze s\u00a0voln\u00fdmi zdroji fotografi\u00ed. Pomoc\u00ed vhodn\u00e9ho digit\u00e1ln\u00edho za\u0159\u00edzen\u00ed vytvo\u0159te prezentaci.<\/p>\n<p>Doporu\u010den\u00e9 zdroje:<\/p>\n<p><a href=\"https:\/\/cs.wikipedia.org\/wiki\/P%C5%99emysl_Otakar_II.#M%C4%9Bsta_zalo%C5%BEen%C3%A1_P%C5%99emyslem_Otakarem_II\">https:\/\/cs.wikipedia.org\/wiki\/P%C5%99emysl_Otakar_II.#M%C4%9Bsta_zalo%C5%BEen%C3%A1_P%C5%99emyslem_Otakarem_II<\/a>.<\/p>\n<p><a href=\"https:\/\/pixabay.com\/cs\/\">https:\/\/pixabay.com\/cs\/<\/a><\/p>\n<p><a href=\"https:\/\/www.flickr.com\/photos\/tags\/flicker\/\">https:\/\/www.flickr.com\/photos\/tags\/flicker\/<\/a>.<\/p>\n<h2>\u00dakol k\u00a0podkapitolce <em>Na hradech<\/em> na str.&nbsp;32<\/h2>\n<p>Ve vhodn\u00e9m digit\u00e1ln\u00edm prost\u0159ed\u00ed (nap\u0159.&nbsp;Malov\u00e1n\u00ed) nakreslete hrad a&nbsp;jeho okol\u00ed, barevn\u011b zv\u00fdrazn\u011bte prvky s\u00a0obrannou funkc\u00ed.<\/p>\n<p>Doporu\u010den\u00e9 zdroje:<\/p>\n<p><a href=\"https:\/\/cs.wikipedia.org\/wiki\/Obl%C3%A9h%C3%A1n%C3%AD_ve_st%C5%99edov%C4%9Bku\">https:\/\/cs.wikipedia.org\/wiki\/Obl%C3%A9h%C3%A1n%C3%AD_ve_st%C5%99edov%C4%9Bku<\/a><\/p>\n<p><a href=\"https:\/\/www.ohradech.eu\/zakladni_skladebni_prvky_hradu.html\">https:\/\/www.ohradech.eu\/zakladni_skladebni_prvky_hradu.html<\/a><\/p>\n<h2>\u00dakol k\u00a0matematick\u00e9mu \u00fakolu na str.&nbsp;35<\/h2>\n<p>Na webov\u00fdch str\u00e1nk\u00e1ch \u010cesk\u00e9ho statistick\u00e9ho \u00fa\u0159adu najd\u011bte aktu\u00e1ln\u00ed po\u010det obyvatel Prahy, zaokrouhlete ho na tis\u00edce a&nbsp;pou\u017eijte pro \u0159e\u0161en\u00ed \u00fakolu. Pro kontrolu odhadu pou\u017eijte kalkula\u010dku apod.<\/p>\n<p>Doporu\u010den\u00fd zdroj:<\/p>\n<p><a href=\"https:\/\/www.czso.cz\/csu\/xa\">https:\/\/www.czso.cz\/csu\/xa<\/a><\/p>\n<h2>\u00dakol k\u00a0podkapitolce <em>Otec vlasti<\/em> na str.&nbsp;36<\/h2>\n<p>Na internetu zjist\u011bte v\u00edce informac\u00ed o&nbsp;vl\u00e1d\u011b Karla IV. Ze z\u00edskan\u00fdch informac\u00ed vytvo\u0159te my\u0161lenkovou mapu, k\u00a0tomu m\u016f\u017eete vyu\u017e\u00edt i&nbsp;vhodn\u00e9 digit\u00e1ln\u00ed prost\u0159ed\u00ed.<\/p>\n<p>Doporu\u010den\u00e9 zdroje:<\/p>\n<p><a href=\"https:\/\/karel700.cuni.cz\/KAREL-55.html\">https:\/\/karel700.cuni.cz\/KAREL-55.html<\/a><\/p>\n<p><a href=\"https:\/\/www.ceskozemepribehu.cz\/karluv-zivot#chapter-02\">https:\/\/www.ceskozemepribehu.cz\/karluv-zivot#chapter-02<\/a><\/p>\n<p><a href=\"https:\/\/products.aspose.app\/diagram\/cs\/mindmap\">https:\/\/products.aspose.app\/diagram\/cs\/mindmap<\/a><\/p>\n<p><a href=\"https:\/\/bubbl.us\/\">https:\/\/bubbl.us\/<\/a><\/p>\n<h1><strong>VI. POZDN\u00cd ST\u0158EDOV\u011aK NA NA\u0160EM \u00daZEM\u00cd<\/strong><\/h1>\n<h2>\u00dakol k\u00a0odstavci o&nbsp;Janu Husovi na str.&nbsp;41<\/h2>\n<p>Na webov\u00fdch str\u00e1nk\u00e1ch s\u00a0mapami vyhledejte Kostnici (Konstanz). Zjist\u011bte, ve kter\u00e9m st\u00e1t\u011b le\u017e\u00ed.<\/p>\n<p>Doporu\u010den\u00e9 zdroje:<\/p>\n<p><a href=\"https:\/\/www.google.com\/maps\">https:\/\/www.google.com\/maps<\/a><\/p>\n<p><a href=\"https:\/\/mapy.cz\/zakladni?x=15.6756000&amp;y=49.7195000&amp;z=11\">https:\/\/mapy.cz\/zakladni?x=15.6756000&amp;y=49.7195000&amp;z=11<\/a><\/p>\n<h1><strong>VII. RAN\u00dd NOVOV\u011aK NA NA\u0160EM \u00daZEM\u00cd<\/strong><\/h1>\n<h2>\u00dakol k\u00a0portr\u00e9tu Rudolfa II od G. Arcimbolda<\/h2>\n<p>Na internetu vyhledejte fotografie s\u00a0ovocem a&nbsp;zeleninou. Pomoc\u00ed vhodn\u00e9ho digit\u00e1ln\u00edho za\u0159\u00edzen\u00ed vytvo\u0159te kol\u00e1\u017e-portr\u00e9t.<\/p>\n<p>Doporu\u010den\u00e9 zdroje:<\/p>\n<p><a href=\"https:\/\/pixabay.com\/cs\/\">https:\/\/pixabay.com\/cs\/<\/a><\/p>\n<p><a href=\"https:\/\/www.flickr.com\/photos\/tags\/flicker\/\">https:\/\/www.flickr.com\/photos\/tags\/flicker\/<\/a>.<\/p>\n<h2>\u00dakol k\u00a0podkapitolce <em>Ve m\u011bstech<\/em> na str.&nbsp;48<\/h2>\n<p>Na internetu a&nbsp;v\u00a0u\u010debnici zjist\u011bte v\u00fdhody a&nbsp;p\u0159\u00edpadn\u00e9 nev\u00fdhody \u010dlenstv\u00ed v\u00a0cechu a&nbsp;vytvo\u0159te na toto t\u00e9ma my\u0161lenkovou mapu, m\u016f\u017eete vyu\u017e\u00edt i&nbsp;k&nbsp;tomu vhodn\u00e9 digit\u00e1ln\u00ed prost\u0159ed\u00ed.<\/p>\n<p>Doporu\u010den\u00e9 zdroje:<\/p>\n<p>u\u010debnice<\/p>\n<p><a href=\"https:\/\/cs.wikipedia.org\/wiki\/Cech\">https:\/\/cs.wikipedia.org\/wiki\/Cech<\/a><\/p>\n<p><a href=\"https:\/\/www.archives.cz\/web\/soka\/karvina\/projekt\/resources\/karvina\/hruby\/bayer\/bayer3s.htm\">https:\/\/www.archives.cz\/web\/soka\/karvina\/projekt\/resources\/karvina\/hruby\/bayer\/bayer3s.htm<\/a><\/p>\n<p><a href=\"https:\/\/www.jcted.cz\/jak-sel-cas-remeslniku-v-budejovicich-od-stredoveku\/\">https:\/\/www.jcted.cz\/jak-sel-cas-remeslniku-v-budejovicich-od-stredoveku\/<\/a><\/p>\n<p><a href=\"https:\/\/brandys.muzeumbrandys.cz\/images\/dokumenty\/kniha_REMESLNE-CECHY_uk.pdf\">https:\/\/brandys.muzeumbrandys.cz\/images\/dokumenty\/kniha_REMESLNE-CECHY_uk.pdf<\/a><\/p>\n<p><a href=\"https:\/\/products.aspose.app\/diagram\/cs\/mindmap\">https:\/\/products.aspose.app\/diagram\/cs\/mindmap<\/a><\/p>\n<p><a href=\"https:\/\/bubbl.us\/\">https:\/\/bubbl.us\/<\/a><\/p>\n<h2>\u00dakol k\u00a0z\u00e1v\u011bre\u010dn\u00e9mu opakov\u00e1n\u00ed na str.&nbsp;51<\/h2>\n<p>Ve vhodn\u00e9m digit\u00e1ln\u00edm prost\u0159ed\u00ed vytvo\u0159te prezentaci o&nbsp;v\u00fdznamn\u00fdch panovnick\u00fdch rodech, kter\u00e9 vl\u00e1dly na na\u0161em \u00fazem\u00ed.<\/p>\n<p>Doporu\u010den\u00e9 zdroje:<\/p>\n<p>u\u010debnice<\/p>\n<p><a href=\"https:\/\/cs.wikipedia.org\/wiki\/%C4%8Cesk%C3%A9_kr%C3%A1lovstv%C3%AD\">https:\/\/cs.wikipedia.org\/wiki\/%C4%8Cesk%C3%A9_kr%C3%A1lovstv%C3%AD<\/a><\/p>\n<p><a href=\"https:\/\/dejepisvkostce.estranky.cz\/clanky\/vladnouci-rody-na-ceskem-trune\/\">https:\/\/dejepisvkostce.estranky.cz\/clanky\/vladnouci-rody-na-ceskem-trune\/<\/a><\/p>\n<h2>\u00dakol k\u00a0z\u00e1v\u011bre\u010dn\u00e9mu opakov\u00e1n\u00ed na str.&nbsp;51<\/h2>\n<p>Ve vhodn\u00e9m digit\u00e1ln\u00edm prost\u0159ed\u00ed (Word, Excel) vytvo\u0159te tabulku se stru\u010dn\u00fdm p\u0159ehledem charakteristik v\u0161ech stavebn\u00edch sloh\u016f, s\u00a0nimi\u017e jste se v\u00a0u\u010debnici (str.&nbsp;27, 38, 49) sezn\u00e1mili.<\/p>\n<p>&nbsp;<\/p>\n<h3>Digit\u00e1ln\u00ed kompetence jsou v\u00fdrazn\u011b podporov\u00e1ny tak\u00e9 v\u00a0MIU\u010d+, kde mohou \u017e\u00e1ci vyu\u017e\u00edvat interaktivn\u00ed \u00falohy a&nbsp;z\u00edsk\u00e1vat dopl\u0148uj\u00edc\u00ed informace formou \u00fakol\u016f s\u00a0odkazy na ov\u011b\u0159en\u00e1 videa a&nbsp;texty.<\/h3>\n<p>Prohl\u00e9dn\u011bte si celou u\u010debnici v\u010detn\u011b dopl\u0148kov\u00e9ho obsahu v&nbsp;elekronick\u00e9 verzi MIU\u010d+ na ucebnice-online.cz <a href=\"https:\/\/mediacreator.cz\/mc\/index.php?sellcode=493\" target=\"_blank\" rel=\"noopener\">kliknut\u00edm zde<\/a>.<\/p>\n<p>&nbsp;<\/p>\n<h4 style=\"text-align: right;\"><a href=\"https:\/\/www.nns.cz\/blog\/digitalni-kompetence\/\" rel=\"noopener\">zp\u011bt na v\u00fdb\u011br titulu<\/a><\/h4>\n","protected":false},"excerpt":{"rendered":"<p>zp\u011bt na v\u00fdb\u011br titulu Vyu\u017eili jste n\u011bkter\u00fd z&nbsp;n\u00e1m\u011bt\u016f ve v\u00fduce, m\u00e1te n\u00e1m\u011bty nebo p\u0159ipom\u00ednky? Kontaktujte n\u00e1s na digi@nns.cz. N\u00e1m\u011bty budou pr\u016fb\u011b\u017en\u011b aktualizov\u00e1ny a&nbsp;vylep\u0161ov\u00e1ny. I. LID\u00c9 A&nbsp;D\u011aJINY \u00dakol k\u00a0zaj\u00edmavosti o&nbsp;archeologii na str.&nbsp;3 Ka\u017edoro\u010dn\u011b se t\u0159et\u00ed sobotu v\u00a0\u0159\u00edjnu slav\u00ed Mezin\u00e1rodn\u00ed den archeologie, p\u0159i&nbsp;jeho\u017e p\u0159\u00edle\u017eitosti archeologov\u00e9 p\u0159ipravuj\u00ed spole\u010densk\u00e9 a&nbsp;kulturn\u00ed akce pro \u0161irokou ve\u0159ejnost. Na internetu zjist\u011bte, na kter\u00fdch [&hellip;]<\/p>\n","protected":false},"author":6,"featured_media":0,"parent":15791,"menu_order":0,"comment_status":"closed","ping_status":"closed","template":"","meta":{"footnotes":""},"class_list":["post-16263","page","type-page","status-publish","hentry"],"_links":{"self":[{"href":"https:\/\/www.nns.cz\/blog\/wp-json\/wp\/v2\/pages\/16263","targetHints":{"allow":["GET"]}}],"collection":[{"href":"https:\/\/www.nns.cz\/blog\/wp-json\/wp\/v2\/pages"}],"about":[{"href":"https:\/\/www.nns.cz\/blog\/wp-json\/wp\/v2\/types\/page"}],"author":[{"embeddable":true,"href":"https:\/\/www.nns.cz\/blog\/wp-json\/wp\/v2\/users\/6"}],"replies":[{"embeddable":true,"href":"https:\/\/www.nns.cz\/blog\/wp-json\/wp\/v2\/comments?post=16263"}],"version-history":[{"count":5,"href":"https:\/\/www.nns.cz\/blog\/wp-json\/wp\/v2\/pages\/16263\/revisions"}],"predecessor-version":[{"id":17146,"href":"https:\/\/www.nns.cz\/blog\/wp-json\/wp\/v2\/pages\/16263\/revisions\/17146"}],"up":[{"embeddable":true,"href":"https:\/\/www.nns.cz\/blog\/wp-json\/wp\/v2\/pages\/15791"}],"wp:attachment":[{"href":"https:\/\/www.nns.cz\/blog\/wp-json\/wp\/v2\/media?parent=16263"}],"curies":[{"name":"wp","href":"https:\/\/api.w.org\/{rel}","templated":true}]}}